{"id":2734,"date":"2016-01-26T18:13:55","date_gmt":"2016-01-26T17:13:55","guid":{"rendered":"http:\/\/www.philipgunkel.de\/agb\/"},"modified":"2022-01-29T23:08:08","modified_gmt":"2022-01-29T22:08:08","slug":"agb","status":"publish","type":"page","link":"http:\/\/www.philipgunkel.de\/de\/agb\/","title":{"rendered":"AGB"},"content":{"rendered":"<h1>ALLGEMEINE GESCH\u00c4FTSBEDINGUNGEN AGB<\/h1>\n<p>\u00a7 1 Allgemeines<\/p>\n<p>1. Alle Angebote, Lieferungen, Auftr\u00e4ge und die Vergabe von Nutzungsrechten erfolgen zu den Allgemeinen Gesch\u00e4ftsbedingungen des Fotografen in der zum Zeitpunkt der Bestellung g\u00fcltigen Fassung, Anderweitige Nutzungsbedingungen m\u00fcssen gesondert vereinbart werden.<\/p>\n<p>2. Diese Allgemeinen Gesch\u00e4ftsbedingungen gelten ausschlie\u00dflich. Von diesen Allgemeinen Gesch\u00e4ftsbedingungen abweichende Allgemeine Gesch\u00e4ftsbedingungen des Kunden haben keine G\u00fcltigkeit, es sei denn, diesen wird ausdr\u00fccklich zugestimmt, Anderenfalls darf das Bildmaterial nicht genutzt werden.<\/p>\n<p>\u00a7 2 Auftragsabwicklung<\/p>\n<p>1, Bei der Bestellung, sp\u00e4testens jedoch vor der Nutzungsaufnahme sind Art und Umfang der Nutzung anzugeben. lm Falle der Werbung ist auch das Produkt anzugeben.<\/p>\n<p>2. Stimmt die tats\u00e4chliche Nutzung nicht mit der angegebenen Nutzung \u00fcberein, so gilt ein Nutzungsrecht als nicht erteilt.<\/p>\n<p>3. Werden Kostenvoranschl\u00e4ge unterbreitet, so sind diese grunds\u00e4tzlich unverbindlich. Wird ein<\/p>\n<p>Kostenvoranschlag um mehr als 15 % \u00fcberschritten, wird dies mitgeteilt, sobald es absehbar ist.<\/p>\n<p>4. Liefertermine sind nur dann verbindlich, wenn sie ausdr\u00fccklich vom Fotografen best\u00e4tigt werden, F\u00fcr Frist\u00fcberschreitungen wird nur bei Vorsatz und grober Fahrl\u00e4ssigkeit gehaftet<\/p>\n<p>5. Werden Leistungen Dritter ben\u00f6tigt, so ist der Fotograf berechtigt, diese f\u00fcr den Kunden zu erwerben.<\/p>\n<p>\u00a7 3 Urheberrecht<\/p>\n<p>1. Der Kunde erkennt die Urheberschaft des Fotografen an.<\/p>\n<p>2. Jegliche Nutzung, Wiedergabe oder Weitergabe des Bildmaterials ist nur gestattet unter der<\/p>\n<p>Voraussetzung der Anbringung des Urhebervermerks in zweifelsfreier Zuordnung zum jeweiligen Bild. Dies gilt ausdr\u00fccklich auch f\u00fcr Werbung, Einblendungen in Fernsehsendungen und Filmen oder anderen Medien.<\/p>\n<p>3. Geliefertes analoges Bildmaterial bleibt stets Eigentum des Fotografen. Es wird ausschlie\u00dflich<\/p>\n<p>vor\u00fcbergehend und zum Erwerb von Nutzungsrechten zur Verf\u00fcgung gestellt. Entsprechendes gilt f\u00fcr digitales Bildmaterial.<\/p>\n<p>\u00a7 4 Nutzungsrecht<\/p>\n<p>1, Der Fotograf \u00fcbertr\u00e4gt grunds\u00e4tzlich nur ein einfaches Nutzungsrecht zur einmaligen Verwendung. Vorbehaltlich anderer Vereinbarungen sind auch Nutzungen im Internet zeitlich begrenzt.<\/p>\n<p>2. Die Nutzung durch Dritte bedarf in jedem Fall der ausdr\u00fccklichen Zustimmung des Fotografen und ist gesondert zu verg\u00fcten.<\/p>\n<p>3. Die Einr\u00e4umung von ausschlie\u00dflichen, zeitlich, r\u00e4umlich oder inhaltlich unbeschr\u00e4nkten Nutzungsrechten bedarf der ausdr\u00fccklichen Zustimmung des Fotografen und ist gesondert zu verg\u00fcten.<\/p>\n<p>4. Die Speicherung oder Vervielf\u00e4ltigung auf Datentr\u00e4gern bedarf der ausdr\u00fccklichen Zustimmung des Fotografen und ist gesondert zu verg\u00fcten. Etwas anderes gilt nur dann, wenn dieses zur technischen Verarbeitung und Verwaltung im Rahmen der einger\u00e4umten Nutzung erforderlich ist.<\/p>\n<p>Hinweise zur Datenverarbeitung<\/p>\n<p>1. Name und Kontaktdaten des f\u00fcr die Verarbeitung Verantwortlichen sowie des betrieblichen Datenschutzbeauftragten<\/p>\n<p>Diese Datenschutzhinweise gelten f\u00fcr die Datenverarbeitung durch:<\/p>\n<p>Verantwortlicher: Philip Gunkel, Kohlfurter Str. 37 10999 Berlin<\/p>\n<p>Email:kontakt@philipgunkel.de Telefon: +491639894111<\/p>\n<p>2. Erhebung und Speicherung personenbezogener Daten sowie Art und Zweck und deren Verwendung<\/p>\n<p>Wenn Sie uns beauftragen, erheben wir folgende Informationen:<\/p>\n<p>Anrede, Vorname, Nachname,<br \/>\neine g\u00fcltige E-Mail-Adresse,<br \/>\nAnschrift,<br \/>\nTelefonnummer (Festnetz und\/oder Mobilfunk),<br \/>\nFotos mit EXIF-Daten,<br \/>\nSteuernummer \/ VAT-ID<\/p>\n<p>Die Erhebung dieser Daten erfolgt,<\/p>\n<p>um Sie als unseren Kunden identifizieren zu k\u00f6nnen;<br \/>\num Sie angemessen beraten und Ihre Auftr\u00e4ge bearbeiten zu k\u00f6nnen;<br \/>\nzur Korrespondenz mit Ihnen;<br \/>\nzur Rechnungsstellung;<br \/>\nzur Erf\u00fcllung des mit Ihnen geschlossenen Vertrages.<\/p>\n<p>Die Datenverarbeitung erfolgt auf Ihre Anfrage hin und ist nach Art. 6 Abs. 1 S. 1 lit. b DSGVO zu den genannten Zwecken f\u00fcr die angemessene Bearbeitung und Kundenbetreuung und f\u00fcr die beidseitige Erf\u00fcllung von Verpflichtungen aus dem Kundenverh\u00e4ltnis erforderlich.<\/p>\n<p>Die f\u00fcr die Auftragserf\u00fcllung von uns erhobenen personenbezogenen Daten werden bis zum Ablauf der Verj\u00e4hrung (3 Jahre nach Ablauf des Kalenderjahres, in dem der Auftrag beendet wurde,) gespeichert und danach gel\u00f6scht, es sei denn, dass wir nach Artikel 6 Abs. 1 S. 1 lit. c DSGVO aufgrund von steuer- und handelsrechtlichen Aufbewahrungs- und Dokumentationspflichten (aus HGB, StGB oder AO) zu einer l\u00e4ngeren Speicherung verpflichtet sind oder Sie in eine dar\u00fcber hinausgehende Speicherung nach Art. 6 Abs. 1 S. 1 lit. a DSGVO eingewilligt haben.<\/p>\n<p>3. Weitergabe von Daten an Dritte<\/p>\n<p>Eine \u00dcbermittlung Ihrer pers\u00f6nlichen Daten an Dritte zu anderen als den im Folgenden aufgef\u00fchrten Zwecken findet nicht statt.<\/p>\n<p>Soweit dies nach Art. 6 Abs. 1 S. 1 lit. b DSGVO f\u00fcr die Abwicklung von Auftr\u00e4gen mit Ihnen erforderlich ist, werden Ihre personenbezogenen Daten an Dritte weitergegeben. Hierzu geh\u00f6rt insbesondere die Weitergabe an unsere Partnerunternehmen zum Zwecke der Korrespondenz sowie zur Erf\u00fcllung der Anfrage. Die weitergegebenen Daten d\u00fcrfen von dem Dritten ausschlie\u00dflich zu den genannten Zwecken verwendet werden.<\/p>\n<p>4. Betroffenenrechte<\/p>\n<p>Sie haben das Recht:<\/p>\n<p>gem\u00e4\u00df Art.7 Abs.3 DSGVO Ihre einmal erteilte Einwilligung jederzeit gegen\u00fcber uns zu widerrufen. Dies hat zur Folge, dass wir die Datenverarbeitung, die auf dieser Einwilligung beruhte, f\u00fcr die Zukunft nicht mehr fortf\u00fchren d\u00fcrfen;<br \/>\ngem\u00e4\u00df Art.15 DSGVO Auskunft \u00fcber Ihre von uns verarbeiteten personenbezogenen Daten zu verlangen. Insbesondere k\u00f6nnen Sie Auskunft \u00fcber die Verarbeitungszwecke, die Kategorie der personenbezogenen Daten, die Kategorien von Empf\u00e4ngern, gegen\u00fcber denen Ihre Daten offengelegt wurden oder werden, die geplante Speicherdauer, das Bestehen eines Rechts auf Berichtigung, L\u00f6schung, Einschr\u00e4nkung der Verarbeitung oder Widerspruch, das Bestehen eines Beschwerderechts, die Herkunft ihrer Daten, sofern diese nicht bei uns erhoben wurden, sowie \u00fcber das Bestehen einer automatisierten Entscheidungsfindung einschlie\u00dflich Profiling und ggf. aussagekr\u00e4ftigen Informationen zu deren Einzelheiten verlangen;<br \/>\ngem\u00e4\u00df Art.16 DSGVO unverz\u00fcglich die Berichtigung unrichtiger oder Vervollst\u00e4ndigung Ihrer bei uns gespeicherten personenbezogenen Daten zu verlangen;<br \/>\ngem\u00e4\u00df Art.17 DSGVO die L\u00f6schung Ihrer bei uns gespeicherten personenbezogenen Daten zu verlangen, soweit nicht die Verarbeitung zur Aus\u00fcbung des Rechts auf freie Meinungs\u00e4u\u00dferung und Information, zur Erf\u00fcllung einer rechtlichen Verpflichtung, aus Gr\u00fcnden des \u00f6ffentlichen Interesses oder zur Geltendmachung, Aus\u00fcbung oder Verteidigung von Rechtsanspr\u00fcchen erforderlich ist;<br \/>\ngem\u00e4\u00df Art.18 DSGVO die Einschr\u00e4nkung der Verarbeitung Ihrer personenbezogenen Daten zu verlangen, soweit die Richtigkeit der Daten von Ihnen bestritten wird, die Verarbeitung unrechtm\u00e4\u00dfig ist, Sie aber deren L\u00f6schung ablehnen und wir die Daten nicht mehr ben\u00f6tigen, Sie jedoch diese zur Geltendmachung, Aus\u00fcbung oder Verteidigung von Rechtsanspr\u00fcchen ben\u00f6tigen oder Sie gem\u00e4\u00df Art.21 DSGVO Widerspruch gegen die Verarbeitung eingelegt haben;<br \/>\ngem\u00e4\u00df Art.20 DSGVO Ihre personenbezogenen Daten, die Sie uns bereitgestellt haben, in einem strukturierten, g\u00e4ngigen und maschinenlesebaren Format zu erhalten oder die \u00dcbermittlung an einen anderen Verantwortlichen zu verlangen und<br \/>\ngem\u00e4\u00df Art.77 DSGVO sich bei einer Aufsichtsbeh\u00f6rde zu beschweren. In der Regel k\u00f6nnen Sie sich hierf\u00fcr an die Aufsichtsbeh\u00f6rde Ihres \u00fcblichen Aufenthaltsortes oder Arbeitsplatzes oder unseres Kanzleisitzes wenden.<\/p>\n<p>5. Widerspruchsrecht<\/p>\n<p>Sofern Ihre personenbezogenen Daten auf Grundlage von berechtigten Interessen gem\u00e4\u00df Art.6 Abs.1 S.1 lit.f DSGVO verarbeitet werden, haben Sie das Recht, gem\u00e4\u00df Art. 21 DSGVO Widerspruch gegen die Verarbeitung Ihrer personenbezogenen Daten einzulegen, soweit daf\u00fcr Gr\u00fcnde vorliegen, die sich aus Ihrer besonderen Situation ergeben.<\/p>\n<p>M\u00f6chten Sie von Ihrem Widerspruchsrecht Gebrauch machen, gen\u00fcgt eine E-Mail an kontakt@philipgunkel.de<\/p>","protected":false},"excerpt":{"rendered":"<p>ALLGEMEINE GESCH\u00c4FTSBEDINGUNGEN AGB \u00a7 1 Allgemeines 1. Alle Angebote, Lieferungen, Auftr\u00e4ge und die Vergabe von Nutzungsrechten erfolgen zu den Allgemeinen Gesch\u00e4ftsbedingungen des Fotografen in der zum Zeitpunkt der Bestellung g\u00fcltigen Fassung, Anderweitige Nutzungsbedingungen m\u00fcssen gesondert vereinbart werden. 2. Diese Allgemeinen Gesch\u00e4ftsbedingungen gelten ausschlie\u00dflich. Von diesen Allgemeinen Gesch\u00e4ftsbedingungen abweichende Allgemeine Gesch\u00e4ftsbedingungen &hellip;<\/p>\n<div class=\"wrap-excerpt-more\"><a class=\"excerpt-more\" href=\"http:\/\/www.philipgunkel.de\/de\/agb\/\">Read more<\/a><\/div>","protected":false},"author":1,"featured_media":0,"parent":0,"menu_order":0,"comment_status":"closed","ping_status":"closed","template":"","meta":{"om_disable_all_campaigns":false,"_monsterinsights_skip_tracking":false,"_monsterinsights_sitenote_active":false,"_monsterinsights_sitenote_note":"","_monsterinsights_sitenote_category":0,"advanced_seo_description":"","jetpack_seo_html_title":"","jetpack_seo_noindex":false,"jetpack_post_was_ever_published":false,"footnotes":""},"class_list":["post-2734","page","type-page","status-publish","hentry","post--no-featured-image"],"jetpack_shortlink":"https:\/\/wp.me\/P84tX0-I6","jetpack-related-posts":[{"id":2,"url":"http:\/\/www.philipgunkel.de\/de\/impressum\/","url_meta":{"origin":2734,"position":0},"title":"IMPRESSUM","author":"phigun","date":"17. M\u00e4rz 2014","format":false,"excerpt":"\u00a0 Herausgeber und verantwortlich f\u00fcr den Inhalt gem\u00e4\u00df \u00a7 10 Absatz 3 MDStV \u00a0 \u00a0St. Nr: 14\/323\/01478 Philip Gunkel 10999 Berlin, Deutschland +49 163 989 4 111 \u00a0 \u00a0 Copyright & Disclaimer Haftung f\u00fcr Inhalte Die Inhalte unserer Seiten wurden mit gr\u00f6\u00dfter Sorgfalt erstellt. F\u00fcr die Richtigkeit, Vollst\u00e4ndigkeit und Aktualit\u00e4t\u2026","rel":"","context":"\u00c4hnlicher Beitrag","block_context":{"text":"\u00c4hnlicher Beitrag","link":""},"img":{"alt_text":"","src":"https:\/\/i0.wp.com\/www.philipgunkel.de\/wp-content\/uploads\/2016\/11\/LOGOonWHITEFINAL.png?resize=350%2C200","width":350,"height":200},"classes":[]},{"id":2732,"url":"http:\/\/www.philipgunkel.de\/de\/datenschutzerklaerung\/","url_meta":{"origin":2734,"position":1},"title":"DATENSCHUTZERKL\u00c4RUNG","author":"phigun","date":"26. Januar 2016","format":false,"excerpt":"Datenschutzerkl\u00e4rung 1. Name und Kontaktdaten des f\u00fcr die Verarbeitung Verantwortlichen Diese Datenschutz-Information gilt f\u00fcr die Datenverarbeitung durch: Verantwortlicher: Philip Gunkel, Kohlfurter Str. 37 10999 Berlin Email:kontakt@philipgunkel.de Telefon: +491639894111 2. Erhebung und Speicherung personenbezogener Daten sowie Art und Zweck von deren Verwendung a) Beim Besuch der Website Beim Aufrufen unserer Website\u2026","rel":"","context":"\u00c4hnlicher Beitrag","block_context":{"text":"\u00c4hnlicher Beitrag","link":""},"img":{"alt_text":"","src":"","width":0,"height":0},"classes":[]},{"id":123,"url":"http:\/\/www.philipgunkel.de\/de\/home\/","url_meta":{"origin":2734,"position":2},"title":"PORTFOLIO","author":"phigun","date":"18. M\u00e4rz 2014","format":false,"excerpt":"portfolio Eines der wichtigsten Dinge f\u00fcr einen Fotografen ist es, eine Mappe von der eigenen Arbeit zu erstellen. Egal, ob du dich selbst kommerziell vermarkten willst oder einfach eine Sammlung f\u00fcr deine private Nutzung willst, ein Portfolio gibt dir die Gelegenheit, eine begrenzte Gruppe von Bildern zusammenzustellen, die deine beste\u2026","rel":"","context":"\u00c4hnlicher Beitrag","block_context":{"text":"\u00c4hnlicher Beitrag","link":""},"img":{"alt_text":"portfolio","src":"https:\/\/i0.wp.com\/www.philipgunkel.de\/wp-content\/uploads\/2020\/02\/Cover-01-Archismall-300x200.jpg?resize=350%2C200&ssl=1","width":350,"height":200},"classes":[]},{"id":3933,"url":"http:\/\/www.philipgunkel.de\/de\/immobilienfotograf-portfolio-download\/","url_meta":{"origin":2734,"position":3},"title":"Immobilienfotograf PORTFOLIO DOWNLOAD","author":"phigun","date":"18. Dezember 2016","format":false,"excerpt":"Immobilienfotograf Portfolio Download Immobilienfotograf Portfolio Download To download the portfolio as a PDF file just click on the image below PDF-PORTFOLIO Ein gut sortiertes PDF-Portfolio Als Model, oder Make up Artist, als Fotograf, oder Grafiker sprechen deine Bilder f\u00fcr dich. Die Frage, wie du deine Portfolio Mappe best\u00fccken und welchen\u2026","rel":"","context":"\u00c4hnlicher Beitrag","block_context":{"text":"\u00c4hnlicher Beitrag","link":""},"img":{"alt_text":"","src":"https:\/\/i0.wp.com\/www.philipgunkel.de\/wp-content\/uploads\/2016\/12\/teaser.jpg?resize=350%2C200&ssl=1","width":350,"height":200,"srcset":"https:\/\/i0.wp.com\/www.philipgunkel.de\/wp-content\/uploads\/2016\/12\/teaser.jpg?resize=350%2C200&ssl=1 1x, https:\/\/i0.wp.com\/www.philipgunkel.de\/wp-content\/uploads\/2016\/12\/teaser.jpg?resize=525%2C300&ssl=1 1.5x, https:\/\/i0.wp.com\/www.philipgunkel.de\/wp-content\/uploads\/2016\/12\/teaser.jpg?resize=700%2C400&ssl=1 2x"},"classes":[]},{"id":1548,"url":"http:\/\/www.philipgunkel.de\/de\/publications-exhibitions\/","url_meta":{"origin":2734,"position":4},"title":"PUBLIKATIONEN \/ AUSSTELLUNGEN","author":"phigun","date":"24. Januar 2015","format":false,"excerpt":"publications ver\u00f6ffentlichungen exhibitions ausstellungen publications\/Ver\u00f6ffentlichungen Der Atem der Berge, Bruckmann Verlag,\u00a0zwei Doppelseiten, Format 24,3 x 30,6 cm, Hardcover mit Schutzumschlag,\u00a0ISBN-13: 978-3-7343-0627-3\u00a0 \/ \u00a0Samsung Curved Monitor Screen\u00a0Commercial\u00a0 \/ \u00a0MYP Magazine #16 Meine Stimme \"Breath of Berlin\" \/ fstoplounge \/ shutyouraperture.com\u00a0CAS \/ shutyouraperture.com Leonardo Glass Cube\u00a0 \/\u00a0\u00a0Camerapixo (en)visioniography Fine Art magazine No.\u2026","rel":"","context":"\u00c4hnlicher Beitrag","block_context":{"text":"\u00c4hnlicher Beitrag","link":""},"img":{"alt_text":"","src":"https:\/\/i0.wp.com\/www.philipgunkel.de\/wp-content\/uploads\/2014\/06\/showroom-projekte-Philip-Gunkel01-150x150.jpg?resize=350%2C200&ssl=1","width":350,"height":200,"srcset":"https:\/\/i0.wp.com\/www.philipgunkel.de\/wp-content\/uploads\/2014\/06\/showroom-projekte-Philip-Gunkel01-150x150.jpg?resize=350%2C200&ssl=1 1x, https:\/\/i0.wp.com\/www.philipgunkel.de\/wp-content\/uploads\/2014\/06\/showroom-projekte-Philip-Gunkel01-150x150.jpg?resize=525%2C300&ssl=1 1.5x, https:\/\/i0.wp.com\/www.philipgunkel.de\/wp-content\/uploads\/2014\/06\/showroom-projekte-Philip-Gunkel01-150x150.jpg?resize=700%2C400&ssl=1 2x, https:\/\/i0.wp.com\/www.philipgunkel.de\/wp-content\/uploads\/2014\/06\/showroom-projekte-Philip-Gunkel01-150x150.jpg?resize=1050%2C600&ssl=1 3x, https:\/\/i0.wp.com\/www.philipgunkel.de\/wp-content\/uploads\/2014\/06\/showroom-projekte-Philip-Gunkel01-150x150.jpg?resize=1400%2C800&ssl=1 4x"},"classes":[]}],"jetpack_likes_enabled":true,"jetpack_sharing_enabled":true,"_links":{"self":[{"href":"http:\/\/www.philipgunkel.de\/de\/wp-json\/wp\/v2\/pages\/2734","targetHints":{"allow":["GET"]}}],"collection":[{"href":"http:\/\/www.philipgunkel.de\/de\/wp-json\/wp\/v2\/pages"}],"about":[{"href":"http:\/\/www.philipgunkel.de\/de\/wp-json\/wp\/v2\/types\/page"}],"author":[{"embeddable":true,"href":"http:\/\/www.philipgunkel.de\/de\/wp-json\/wp\/v2\/users\/1"}],"replies":[{"embeddable":true,"href":"http:\/\/www.philipgunkel.de\/de\/wp-json\/wp\/v2\/comments?post=2734"}],"version-history":[{"count":0,"href":"http:\/\/www.philipgunkel.de\/de\/wp-json\/wp\/v2\/pages\/2734\/revisions"}],"wp:attachment":[{"href":"http:\/\/www.philipgunkel.de\/de\/wp-json\/wp\/v2\/media?parent=2734"}],"curies":[{"name":"wp","href":"https:\/\/api.w.org\/{rel}","templated":true}]}}