{"id":1543,"date":"2015-01-24T23:06:30","date_gmt":"2015-01-24T22:06:30","guid":{"rendered":"http:\/\/www.philipgunkel.de\/?page_id=1543"},"modified":"2023-01-16T10:22:06","modified_gmt":"2023-01-16T09:22:06","slug":"references","status":"publish","type":"page","link":"https:\/\/www.philipgunkel.de\/de\/references\/","title":{"rendered":"REFERENZEN"},"content":{"rendered":"<h2 class=\"has-text-color wp-block-heading\" style=\"color:#000000\">references<\/h2>\n\n\n<p style=\"text-align: center;\"><span style=\"color: #808080;\"><a href=\"http:\/\/udowalz-haircare.de\/\" target=\"_blank\" rel=\"noopener noreferrer\">Udo Walz<\/a>\u00a0 \/\u00a0 <\/span><a href=\"http:\/\/www.zeiss.de\/corporate\/de_de\/home.html\" target=\"_blank\" rel=\"noopener noreferrer\">ZEISS<\/a>\u00a0 \/ <a href=\"https:\/\/incity.ag\/\" target=\"_blank\" rel=\"noopener noreferrer\">InCity Immobilien AG<\/a>\u00a0 \/\u00a0 <a href=\"https:\/\/www.woolx.com\/\">Woolx<\/a>\u00a0 \/\u00a0 <a href=\"https:\/\/guthmann-immobilien.de\/\">Guthmann &amp; Guthmann Immobilien GmbH<\/a><\/p>\n<p style=\"text-align: center;\"><a href=\"http:\/\/www.zvc-kurfuerstendamm.de\" target=\"_blank\" rel=\"noopener noreferrer\">Zeiss Vision Center Berlin<\/a>\u00a0 \/ Zeiss Vision Center Kassel\u00a0 \/\u00a0 <a href=\"http:\/\/www.laborweltenbau.de\/de\" target=\"_blank\" rel=\"noopener noreferrer\">Elmar Gauggel Labor Weltenbau<\/a>\u00a0 \/\u00a0 <a href=\"https:\/\/www.jonasgold.de\/\" target=\"_blank\" rel=\"noopener noreferrer\">Jonasgold<\/a><\/p>\n<p style=\"text-align: center;\"><a href=\"https:\/\/geomin.de\/ueber-uns\/geomin\/\" target=\"_blank\" rel=\"noopener noreferrer\">GEOMIN Industriematerialien GmbH &amp; Co. KG<\/a>\u00a0 \/\u00a0 <a href=\"https:\/\/www.flanacom.de\/\" target=\"_blank\" rel=\"noopener noreferrer\">Flanacom<\/a>\u00a0 \/\u00a0 DC Developments Berlin<\/p>\n<p style=\"text-align: center;\"><a href=\"http:\/\/www.robens.de\" target=\"_blank\" rel=\"noopener noreferrer\">Robens Tents<\/a>\u00a0 \/\u00a0 Mercedes Benz Driving Events\u00a0 \/\u00a0 <a href=\"http:\/\/www.samsung.com\/de\/consumer\/displays\/displays\/curved-monitor\/LS27E500CSZ\/EN\" target=\"_blank\" rel=\"noopener noreferrer\">Samsung<\/a>\u00a0 \/\u00a0 <a href=\"http:\/\/smileodontics.de\/\">Smileodontics<\/a><\/p>\n<p style=\"text-align: center;\"><a href=\"http:\/\/irisphotographie.de\/\" target=\"_blank\" rel=\"noopener noreferrer\">Irisphotographie Berlin<\/a>\u00a0 \/\u00a0 <a href=\"http:\/\/rendart.net\" target=\"_blank\" rel=\"noopener noreferrer\">rendart Architekturvisualisierung<\/a>\u00a0 \/\u00a0 <a href=\"http:\/\/www.artnet.com\/\" target=\"_blank\" rel=\"noopener noreferrer\">Artnet<\/a>\u00a0 \/\u00a0 <a href=\"https:\/\/www.mauermuseum.de\/\" target=\"_blank\" rel=\"noopener noreferrer\">Mauermuseum Berlin<\/a><\/p>\n<p style=\"text-align: center;\"><a href=\"https:\/\/www.wasserkutsche.com\/\" target=\"_blank\" rel=\"noopener noreferrer\">Wasserkutsche Berlin<\/a>\u00a0 \/\u00a0 <a href=\"http:\/\/www.welthausliving.de\/\" target=\"_blank\" rel=\"noopener noreferrer\">Welthaus living<\/a>\u00a0 \/\u00a0 <a href=\"https:\/\/xavamedia.com\/de\/\" target=\"_blank\" rel=\"noopener noreferrer\">Xavamedia<\/a>\u00a0 \/\u00a0 <a href=\"http:\/\/schlafsacke-cumulus.de\/\" target=\"_blank\" rel=\"noopener noreferrer\">Cumulus<\/a>\u00a0 \/\u00a0 <a href=\"https:\/\/www.parkett-direkt.net\/\" target=\"_blank\" rel=\"noopener noreferrer\">Parkett-Direkt<\/a><\/p>\n<p style=\"text-align: center;\"><a href=\"http:\/\/www.philipgunkel.de\/de\/more\/architektur\/phaeno-science-center\/\" target=\"_blank\" rel=\"noopener noreferrer\">Phaeno Science Center Wolfsburg<\/a>\u00a0 \/\u00a0 <a href=\"http:\/\/www.trendfactory.com\" target=\"_blank\" rel=\"noopener noreferrer\">Trendfactory<\/a>\u00a0 \/\u00a0 <a href=\"http:\/\/www.alte-tabakfabrik.de\/\" target=\"_blank\" rel=\"noopener noreferrer\">Alte Tabakfabrik<\/a>\u00a0 \/\u00a0 <a href=\"http:\/\/www.clubcommission.de\" target=\"_blank\" rel=\"noopener noreferrer\">Club Commission Berlin<\/a><\/p>\n<p style=\"text-align: center;\"><a href=\"http:\/\/mikekosel.de\" target=\"_blank\" rel=\"noopener noreferrer\">Mike Kosel Schuhmeister<\/a>\u00a0 \/\u00a0<a href=\"http:\/\/www.letsmetz.com\" target=\"_blank\" rel=\"noopener noreferrer\">Benjamin Metz | concept, art direction, graphic design<\/a>\u00a0 \/\u00a0 <a title=\"Byrdilicious\" href=\"http:\/\/www.byrdylicious.com\" target=\"_blank\" rel=\"noopener noreferrer\">Bertram Steidel Illustration<\/a><\/p>\n<p style=\"text-align: center;\"><a title=\"Solidago\" href=\"http:\/\/www.solidago-bund.de\" target=\"_blank\" rel=\"noopener noreferrer\">Solidago<\/a>\u00a0\/\u00a0<a title=\"jeb\" href=\"http:\/\/www.jeb-bb.de\" target=\"_blank\" rel=\"noopener noreferrer\">junge europ\u00e4ische Bewegung<\/a>\u00a0 \/\u00a0 <a title=\"Frau Hirsch\/Daffke\" href=\"http:\/\/daffke.net\/?lang=de\" target=\"_blank\" rel=\"noopener noreferrer\">Frau Hirsch<\/a>\u00a0 \/\u00a0 <a href=\"http:\/\/www.taswir.org\" target=\"_blank\" rel=\"noopener noreferrer\">Shulamit Bruckstein Taswir Projects<\/a><\/p>\n<p style=\"text-align: center;\">\u00a0 <a href=\"http:\/\/www.immobilien-partner-berlin.de\" target=\"_blank\" rel=\"noopener noreferrer\">Gabriele van der Kolk Immobilien<\/a>\u00a0 \/\u00a0 <a href=\"http:\/\/www.ergoteam.info\/\" target=\"_blank\" rel=\"noopener noreferrer\">Ergotherapiepraxis Lisa Zimmermann<\/a>\u00a0 \/\u00a0 <a title=\"Windworkers\" href=\"http:\/\/windworkers.de\/cms\" target=\"_blank\" rel=\"noopener noreferrer\">Windworkers<\/a><\/p>\n<p>\u00a0<\/p>\n<h2 style=\"text-align: center;\"><a href=\"https:\/\/www.philipgunkel.de\/de\/home\/portfolio\/\"><img loading=\"lazy\" decoding=\"async\" data-attachment-id=\"6290\" data-permalink=\"https:\/\/www.philipgunkel.de\/de\/references\/cover-01-archismall\/\" data-orig-file=\"https:\/\/www.philipgunkel.de\/wp-content\/uploads\/2020\/02\/Cover-01-Archismall.jpg\" data-orig-size=\"1600,1067\" data-comments-opened=\"0\" data-image-meta=\"{&quot;aperture&quot;:&quot;0&quot;,&quot;credit&quot;:&quot;&quot;,&quot;camera&quot;:&quot;&quot;,&quot;caption&quot;:&quot;&quot;,&quot;created_timestamp&quot;:&quot;0&quot;,&quot;copyright&quot;:&quot;&quot;,&quot;focal_length&quot;:&quot;0&quot;,&quot;iso&quot;:&quot;0&quot;,&quot;shutter_speed&quot;:&quot;0&quot;,&quot;title&quot;:&quot;&quot;,&quot;orientation&quot;:&quot;1&quot;}\" data-image-title=\"Cover-01-Archismall\" data-image-description=\"\" data-image-caption=\"\" data-large-file=\"https:\/\/www.philipgunkel.de\/wp-content\/uploads\/2020\/02\/Cover-01-Archismall-1536x1024.jpg\" class=\"wp-image-6290 aligncenter\" src=\"https:\/\/www.philipgunkel.de\/wp-content\/uploads\/2020\/02\/Cover-01-Archismall-300x200.jpg\" alt=\"references Philip Gunkel\" width=\"800\" height=\"534\" srcset=\"https:\/\/www.philipgunkel.de\/wp-content\/uploads\/2020\/02\/Cover-01-Archismall-300x200.jpg 300w, https:\/\/www.philipgunkel.de\/wp-content\/uploads\/2020\/02\/Cover-01-Archismall-1536x1024.jpg 1536w, https:\/\/www.philipgunkel.de\/wp-content\/uploads\/2020\/02\/Cover-01-Archismall-150x100.jpg 150w, https:\/\/www.philipgunkel.de\/wp-content\/uploads\/2020\/02\/Cover-01-Archismall-768x512.jpg 768w, https:\/\/www.philipgunkel.de\/wp-content\/uploads\/2020\/02\/Cover-01-Archismall.jpg 1600w\" sizes=\"auto, (max-width: 800px) 100vw, 800px\" \/><\/a> <a href=\"https:\/\/www.philipgunkel.de\/de\/home\/portfolio\/\">VIEW PORTFOLIO<\/a>\u00a0 <a title=\"portfolio pdf\" href=\"https:\/\/www.philipgunkel.de\/wp-content\/uploads\/2020\/07\/Philip-GUnkel-PORTFOLIO-20-21.pdf\" target=\"_blank\" rel=\"noopener noreferrer\">PDF PORTFOLIO HERUNTERLADEN<\/a><\/h2>\n<h2>\u00a0<\/h2>\n<p>\u00a0<\/p>\n\n\n<h1 class=\"has-text-color wp-block-heading\" style=\"color:#000000\"><\/h1>\n\n\n\n<p><\/p>\n\n\n\n<p><\/p>","protected":false},"excerpt":{"rendered":"<p>references Udo Walz\u00a0 \/\u00a0 ZEISS\u00a0 \/ InCity Immobilien AG\u00a0 \/\u00a0 Woolx\u00a0 \/\u00a0 Guthmann &amp; Guthmann Immobilien GmbH Zeiss Vision Center Berlin\u00a0 \/ Zeiss Vision Center Kassel\u00a0 \/\u00a0 Elmar Gauggel Labor Weltenbau\u00a0 \/\u00a0 Jonasgold GEOMIN Industriematerialien GmbH &amp; Co. KG\u00a0 \/\u00a0 Flanacom\u00a0 \/\u00a0 DC Developments Berlin Robens Tents\u00a0 \/\u00a0 Mercedes Benz &hellip;<\/p>\n<div class=\"wrap-excerpt-more\"><a class=\"excerpt-more\" href=\"https:\/\/www.philipgunkel.de\/de\/references\/\">Read more<\/a><\/div>","protected":false},"author":1,"featured_media":0,"parent":0,"menu_order":0,"comment_status":"closed","ping_status":"closed","template":"template-full-width.php","meta":{"om_disable_all_campaigns":false,"_monsterinsights_skip_tracking":false,"_monsterinsights_sitenote_active":false,"_monsterinsights_sitenote_note":"","_monsterinsights_sitenote_category":0,"advanced_seo_description":"","jetpack_seo_html_title":"","jetpack_seo_noindex":false,"jetpack_post_was_ever_published":false,"footnotes":""},"class_list":["post-1543","page","type-page","status-publish","hentry","post--no-featured-image"],"jetpack_shortlink":"https:\/\/wp.me\/P84tX0-oT","jetpack-related-posts":[{"id":3933,"url":"https:\/\/www.philipgunkel.de\/de\/immobilienfotograf-portfolio-download\/","url_meta":{"origin":1543,"position":0},"title":"Immobilienfotograf PORTFOLIO DOWNLOAD","author":"phigun","date":"18. Dezember 2016","format":false,"excerpt":"Immobilienfotograf Portfolio Download Immobilienfotograf Portfolio Download To download the portfolio as a PDF file just click on the image below PDF-PORTFOLIO Ein gut sortiertes PDF-Portfolio Als Model, oder Make up Artist, als Fotograf, oder Grafiker sprechen deine Bilder f\u00fcr dich. Die Frage, wie du deine Portfolio Mappe best\u00fccken und welchen\u2026","rel":"","context":"\u00c4hnlicher Beitrag","block_context":{"text":"\u00c4hnlicher Beitrag","link":""},"img":{"alt_text":"","src":"https:\/\/i0.wp.com\/www.philipgunkel.de\/wp-content\/uploads\/2016\/12\/teaser.jpg?resize=350%2C200&ssl=1","width":350,"height":200,"srcset":"https:\/\/i0.wp.com\/www.philipgunkel.de\/wp-content\/uploads\/2016\/12\/teaser.jpg?resize=350%2C200&ssl=1 1x, https:\/\/i0.wp.com\/www.philipgunkel.de\/wp-content\/uploads\/2016\/12\/teaser.jpg?resize=525%2C300&ssl=1 1.5x, https:\/\/i0.wp.com\/www.philipgunkel.de\/wp-content\/uploads\/2016\/12\/teaser.jpg?resize=700%2C400&ssl=1 2x"},"classes":[]},{"id":9583,"url":"https:\/\/www.philipgunkel.de\/de\/architekturfotograf-immobilienfotograf-in-berlin\/","url_meta":{"origin":1543,"position":1},"title":"Architekturfotograf &#038; Immobilienfotograf in Berlin","author":"phigun","date":"10. Januar 2023","format":false,"excerpt":"Architekturfotograf & Immobilienfotograf in Berlin Ich bin Philip Gunkel, Ihr erfahrener Architekturfotograf & Immobilienfotograf in Berlin mit \u00fcber 15 Jahren Berufserfahrung. Seit 2009 arbeite ich als selbstst\u00e4ndiger Fotograf in den Bereichen Architektur-, Produkt- und Landschaftsfotografie. Ich bin 1986 in Berlin Kreuzberg geboren und lebe und arbeite hier auch heute noch.\u2026","rel":"","context":"\u00c4hnlicher Beitrag","block_context":{"text":"\u00c4hnlicher Beitrag","link":""},"img":{"alt_text":"Immobilienfotograf Portfolio Download","src":"https:\/\/i0.wp.com\/www.philipgunkel.de\/wp-content\/uploads\/2023\/01\/Cube_Philip-Gunkel-1.jpg?resize=350%2C200&ssl=1","width":350,"height":200,"srcset":"https:\/\/i0.wp.com\/www.philipgunkel.de\/wp-content\/uploads\/2023\/01\/Cube_Philip-Gunkel-1.jpg?resize=350%2C200&ssl=1 1x, https:\/\/i0.wp.com\/www.philipgunkel.de\/wp-content\/uploads\/2023\/01\/Cube_Philip-Gunkel-1.jpg?resize=525%2C300&ssl=1 1.5x, https:\/\/i0.wp.com\/www.philipgunkel.de\/wp-content\/uploads\/2023\/01\/Cube_Philip-Gunkel-1.jpg?resize=700%2C400&ssl=1 2x"},"classes":[]},{"id":1548,"url":"https:\/\/www.philipgunkel.de\/de\/publications-exhibitions\/","url_meta":{"origin":1543,"position":2},"title":"PUBLIKATIONEN \/ AUSSTELLUNGEN","author":"phigun","date":"24. Januar 2015","format":false,"excerpt":"publications ver\u00f6ffentlichungen exhibitions ausstellungen publications\/Ver\u00f6ffentlichungen Der Atem der Berge, Bruckmann Verlag,\u00a0zwei Doppelseiten, Format 24,3 x 30,6 cm, Hardcover mit Schutzumschlag,\u00a0ISBN-13: 978-3-7343-0627-3\u00a0 \/ \u00a0Samsung Curved Monitor Screen\u00a0Commercial\u00a0 \/ \u00a0MYP Magazine #16 Meine Stimme \"Breath of Berlin\" \/ fstoplounge \/ shutyouraperture.com\u00a0CAS \/ shutyouraperture.com Leonardo Glass Cube\u00a0 \/\u00a0\u00a0Camerapixo (en)visioniography Fine Art magazine No.\u2026","rel":"","context":"\u00c4hnlicher Beitrag","block_context":{"text":"\u00c4hnlicher Beitrag","link":""},"img":{"alt_text":"","src":"https:\/\/i0.wp.com\/www.philipgunkel.de\/wp-content\/uploads\/2014\/06\/showroom-projekte-Philip-Gunkel01-150x150.jpg?resize=350%2C200&ssl=1","width":350,"height":200,"srcset":"https:\/\/i0.wp.com\/www.philipgunkel.de\/wp-content\/uploads\/2014\/06\/showroom-projekte-Philip-Gunkel01-150x150.jpg?resize=350%2C200&ssl=1 1x, https:\/\/i0.wp.com\/www.philipgunkel.de\/wp-content\/uploads\/2014\/06\/showroom-projekte-Philip-Gunkel01-150x150.jpg?resize=525%2C300&ssl=1 1.5x, https:\/\/i0.wp.com\/www.philipgunkel.de\/wp-content\/uploads\/2014\/06\/showroom-projekte-Philip-Gunkel01-150x150.jpg?resize=700%2C400&ssl=1 2x, https:\/\/i0.wp.com\/www.philipgunkel.de\/wp-content\/uploads\/2014\/06\/showroom-projekte-Philip-Gunkel01-150x150.jpg?resize=1050%2C600&ssl=1 3x, https:\/\/i0.wp.com\/www.philipgunkel.de\/wp-content\/uploads\/2014\/06\/showroom-projekte-Philip-Gunkel01-150x150.jpg?resize=1400%2C800&ssl=1 4x"},"classes":[]},{"id":123,"url":"https:\/\/www.philipgunkel.de\/de\/home\/","url_meta":{"origin":1543,"position":3},"title":"PORTFOLIO","author":"phigun","date":"18. M\u00e4rz 2014","format":false,"excerpt":"portfolio Eines der wichtigsten Dinge f\u00fcr einen Fotografen ist es, eine Mappe von der eigenen Arbeit zu erstellen. Egal, ob du dich selbst kommerziell vermarkten willst oder einfach eine Sammlung f\u00fcr deine private Nutzung willst, ein Portfolio gibt dir die Gelegenheit, eine begrenzte Gruppe von Bildern zusammenzustellen, die deine beste\u2026","rel":"","context":"\u00c4hnlicher Beitrag","block_context":{"text":"\u00c4hnlicher Beitrag","link":""},"img":{"alt_text":"portfolio","src":"https:\/\/i0.wp.com\/www.philipgunkel.de\/wp-content\/uploads\/2020\/02\/Cover-01-Archismall-300x200.jpg?resize=350%2C200&ssl=1","width":350,"height":200},"classes":[]},{"id":2734,"url":"https:\/\/www.philipgunkel.de\/de\/agb\/","url_meta":{"origin":1543,"position":4},"title":"AGB","author":"phigun","date":"26. Januar 2016","format":false,"excerpt":"ALLGEMEINE GESCH\u00c4FTSBEDINGUNGEN AGB \u00a7 1 Allgemeines 1. Alle Angebote, Lieferungen, Auftr\u00e4ge und die Vergabe von Nutzungsrechten erfolgen zu den Allgemeinen Gesch\u00e4ftsbedingungen des Fotografen in der zum Zeitpunkt der Bestellung g\u00fcltigen Fassung, Anderweitige Nutzungsbedingungen m\u00fcssen gesondert vereinbart werden. 2. Diese Allgemeinen Gesch\u00e4ftsbedingungen gelten ausschlie\u00dflich. Von diesen Allgemeinen Gesch\u00e4ftsbedingungen abweichende Allgemeine Gesch\u00e4ftsbedingungen\u2026","rel":"","context":"\u00c4hnlicher Beitrag","block_context":{"text":"\u00c4hnlicher Beitrag","link":""},"img":{"alt_text":"","src":"","width":0,"height":0},"classes":[]},{"id":2732,"url":"https:\/\/www.philipgunkel.de\/de\/datenschutzerklaerung\/","url_meta":{"origin":1543,"position":5},"title":"DATENSCHUTZERKL\u00c4RUNG","author":"phigun","date":"26. Januar 2016","format":false,"excerpt":"Datenschutzerkl\u00e4rung 1. Name und Kontaktdaten des f\u00fcr die Verarbeitung Verantwortlichen Diese Datenschutz-Information gilt f\u00fcr die Datenverarbeitung durch: Verantwortlicher: Philip Gunkel, Kohlfurter Str. 37 10999 Berlin Email:kontakt@philipgunkel.de Telefon: +491639894111 2. Erhebung und Speicherung personenbezogener Daten sowie Art und Zweck von deren Verwendung a) Beim Besuch der Website Beim Aufrufen unserer Website\u2026","rel":"","context":"\u00c4hnlicher Beitrag","block_context":{"text":"\u00c4hnlicher Beitrag","link":""},"img":{"alt_text":"","src":"","width":0,"height":0},"classes":[]}],"jetpack_likes_enabled":true,"jetpack_sharing_enabled":true,"_links":{"self":[{"href":"https:\/\/www.philipgunkel.de\/de\/wp-json\/wp\/v2\/pages\/1543","targetHints":{"allow":["GET"]}}],"collection":[{"href":"https:\/\/www.philipgunkel.de\/de\/wp-json\/wp\/v2\/pages"}],"about":[{"href":"https:\/\/www.philipgunkel.de\/de\/wp-json\/wp\/v2\/types\/page"}],"author":[{"embeddable":true,"href":"https:\/\/www.philipgunkel.de\/de\/wp-json\/wp\/v2\/users\/1"}],"replies":[{"embeddable":true,"href":"https:\/\/www.philipgunkel.de\/de\/wp-json\/wp\/v2\/comments?post=1543"}],"version-history":[{"count":0,"href":"https:\/\/www.philipgunkel.de\/de\/wp-json\/wp\/v2\/pages\/1543\/revisions"}],"wp:attachment":[{"href":"https:\/\/www.philipgunkel.de\/de\/wp-json\/wp\/v2\/media?parent=1543"}],"curies":[{"name":"wp","href":"https:\/\/api.w.org\/{rel}","templated":true}]}}